{"id":9,"date":"2021-09-10T08:58:06","date_gmt":"2021-09-10T06:58:06","guid":{"rendered":"http:\/\/test.xn--gdfosant33-i7a.fr\/?page_id=9"},"modified":"2021-12-10T14:06:46","modified_gmt":"2021-12-10T13:06:46","slug":"gdfosante33-fr-index-php-blog","status":"publish","type":"page","link":"https:\/\/xn--gdfosant33-i7a.fr\/index.php\/gdfosante33-fr-index-php-blog\/","title":{"rendered":"Blog"},"content":{"rendered":"\n<div class=\"wp-block-columns is-layout-flex wp-container-core-columns-layout-1 wp-block-columns-is-layout-flex\">\n<div class=\"wp-block-column is-layout-flow wp-block-column-is-layout-flow\" style=\"flex-basis:100%\"><div class=\"is-default-size wp-block-site-logo\"><a href=\"https:\/\/xn--gdfosant33-i7a.fr\/\" class=\"custom-logo-link\" rel=\"home\"><img loading=\"lazy\" decoding=\"async\" width=\"512\" height=\"512\" src=\"https:\/\/xn--gdfosant33-i7a.fr\/wp-content\/uploads\/2021\/09\/cropped-cropped-icone-fo.png\" class=\"custom-logo\" alt=\"Force Ouvri\u00e8re GD Sant\u00e9 33\" srcset=\"https:\/\/xn--gdfosant33-i7a.fr\/wp-content\/uploads\/2021\/09\/cropped-cropped-icone-fo.png 512w, https:\/\/xn--gdfosant33-i7a.fr\/wp-content\/uploads\/2021\/09\/cropped-cropped-icone-fo-300x300.png 300w, https:\/\/xn--gdfosant33-i7a.fr\/wp-content\/uploads\/2021\/09\/cropped-cropped-icone-fo-150x150.png 150w\" sizes=\"(max-width: 512px) 100vw, 512px\" \/><\/a><\/div>\n\n<ul class=\"wp-block-latest-posts__list wp-block-latest-posts\"><li><div class=\"wp-block-latest-posts__featured-image alignright\"><img loading=\"lazy\" decoding=\"async\" width=\"150\" height=\"150\" src=\"https:\/\/xn--gdfosant33-i7a.fr\/wp-content\/uploads\/2024\/09\/greve-clinique-sainte-anne-150x150.jpg\" class=\"attachment-thumbnail size-thumbnail wp-post-image\" alt=\"\" style=\"\" srcset=\"https:\/\/xn--gdfosant33-i7a.fr\/wp-content\/uploads\/2024\/09\/greve-clinique-sainte-anne-150x150.jpg 150w, https:\/\/xn--gdfosant33-i7a.fr\/wp-content\/uploads\/2024\/09\/greve-clinique-sainte-anne-144x144.jpg 144w\" sizes=\"(max-width: 150px) 100vw, 150px\" \/><\/div><a class=\"wp-block-latest-posts__post-title\" href=\"https:\/\/xn--gdfosant33-i7a.fr\/index.php\/2024\/09\/13\/clinique-sainte-anne-en-greve\/\">Clinique Sainte Anne en gr\u00e8ve<\/a><div class=\"wp-block-latest-posts__post-excerpt\">Les salari\u00e9s de la Clinique Sainte Anne sont en gr\u00e8ve depuis hier le 09 septembre 2024, leurs revendications concernent l&rsquo;augmentation des salaires (augmentation du point et obtention du 13\u00e8me mois pour l&rsquo;essentiel) et la d\u00e9gradation des conditions de travail entrain\u00e9e par le turn over permanent en grande partie explicable par les salaires trop bas.&nbsp; Ce &hellip; <\/p><p><a class=\"more-link btn\" href=\"https:\/\/xn--gdfosant33-i7a.fr\/index.php\/2024\/09\/13\/clinique-sainte-anne-en-greve\/\">Lire la suite<\/a><\/div><\/li>\n<li><div class=\"wp-block-latest-posts__featured-image alignright\"><img loading=\"lazy\" decoding=\"async\" width=\"150\" height=\"150\" src=\"https:\/\/xn--gdfosant33-i7a.fr\/wp-content\/uploads\/2024\/03\/didier-birig-1.jpg\" class=\"attachment-thumbnail size-thumbnail wp-post-image\" alt=\"\" style=\"\" srcset=\"https:\/\/xn--gdfosant33-i7a.fr\/wp-content\/uploads\/2024\/03\/didier-birig-1.jpg 150w, https:\/\/xn--gdfosant33-i7a.fr\/wp-content\/uploads\/2024\/03\/didier-birig-1-144x144.jpg 144w\" sizes=\"(max-width: 150px) 100vw, 150px\" \/><\/div><a class=\"wp-block-latest-posts__post-title\" href=\"https:\/\/xn--gdfosant33-i7a.fr\/index.php\/2024\/03\/13\/elections-du-bureau-federal-fo-branche-sante\/\">Elections du Bureau f\u00e9d\u00e9ral FO branche sant\u00e9<\/a><div class=\"wp-block-latest-posts__post-excerpt\">Didier BIRIG a \u00e9t\u00e9 r\u00e9\u00e9lu SECR\u00c9TAIRE G\u00c9N\u00c9RAL, responsable de la branche des services de sant\u00e9 Gr\u00e9gory LEDUC a \u00e9t\u00e9 \u00e9lu TR\u00c9SORIER G\u00c9N\u00c9RAL ADJOINT et r\u00e9\u00e9lu SECR\u00c9TAIRE F\u00c9D\u00c9RAL Gilles GADIER a \u00e9t\u00e9 r\u00e9\u00e9lu SECR\u00c9TAIRE F\u00c9D\u00c9RAL Emmanuel TINNES a \u00e9t\u00e9 \u00e9lu SECR\u00c9TAIRE F\u00c9D\u00c9RAL Secr\u00e9taires f\u00e9d\u00e9raux adjoints Sophie ARDON (r\u00e9\u00e9lue)Audrey JOLIBOIS (r\u00e9\u00e9lue)Christian PRUD\u2019HOMME (r\u00e9\u00e9lu)Gr\u00e9gory RENAUX (r\u00e9\u00e9lu)Gilles MANCHON (\u00e9lu)Catherine &hellip; <\/p><p><a class=\"more-link btn\" href=\"https:\/\/xn--gdfosant33-i7a.fr\/index.php\/2024\/03\/13\/elections-du-bureau-federal-fo-branche-sante\/\">Lire la suite<\/a><\/div><\/li>\n<li><div class=\"wp-block-latest-posts__featured-image alignright\"><img loading=\"lazy\" decoding=\"async\" width=\"150\" height=\"150\" src=\"https:\/\/xn--gdfosant33-i7a.fr\/wp-content\/uploads\/2024\/03\/PSC-150x150.png\" class=\"attachment-thumbnail size-thumbnail wp-post-image\" alt=\"\" style=\"\" srcset=\"https:\/\/xn--gdfosant33-i7a.fr\/wp-content\/uploads\/2024\/03\/PSC-150x150.png 150w, https:\/\/xn--gdfosant33-i7a.fr\/wp-content\/uploads\/2024\/03\/PSC-144x144.png 144w\" sizes=\"(max-width: 150px) 100vw, 150px\" \/><\/div><a class=\"wp-block-latest-posts__post-title\" href=\"https:\/\/xn--gdfosant33-i7a.fr\/index.php\/2024\/03\/08\/protection-sociale-complementaire-soins-gratuits-pour-les-agents-de-la-fph-petition\/\">Protection Sociale Compl\u00e9mentaire : Soins gratuits pour les agents de la FPH &#8211; P\u00e9tition<\/a><div class=\"wp-block-latest-posts__post-excerpt\">A compter du 1er janvier 2026, les employeurs hospitaliers devront participer au financement de garanties compl\u00e9mentaires \u00ab\u00a0frais de sant\u00e9\u00a0\u00bb au b\u00e9n\u00e9fice des agents qu&rsquo;ils emploient. Revendication port\u00e9e par FO dans le S\u00e9gur de la Sant\u00e9, FO entend bien obtenir une actualisation et le d\u00e9veloppement du droit statutaire appel\u00e9 \u00ab\u00a0soins gratuits\u00a0\u00bb souvent m\u00e9connu des agents, avant &hellip; <\/p><p><a class=\"more-link btn\" href=\"https:\/\/xn--gdfosant33-i7a.fr\/index.php\/2024\/03\/08\/protection-sociale-complementaire-soins-gratuits-pour-les-agents-de-la-fph-petition\/\">Lire la suite<\/a><\/div><\/li>\n<li><div class=\"wp-block-latest-posts__featured-image alignright\"><img loading=\"lazy\" decoding=\"async\" width=\"150\" height=\"55\" src=\"https:\/\/xn--gdfosant33-i7a.fr\/wp-content\/uploads\/2024\/02\/iconeFO-long-1-150x55.png\" class=\"attachment-thumbnail size-thumbnail wp-post-image\" alt=\"\" style=\"\" \/><\/div><a class=\"wp-block-latest-posts__post-title\" href=\"https:\/\/xn--gdfosant33-i7a.fr\/index.php\/2024\/03\/08\/greve-du-19-mars-2024\/\">Gr\u00e8ve du 19 mars 2024<\/a><div class=\"wp-block-latest-posts__post-excerpt\">Depuis de nombreuses ann\u00e9es, la limitation de la \u00ab d\u00e9pense publique \u00bb est pr\u00e9texte \u00e0 toutes les mesures d\u2019aust\u00e9rit\u00e9 obligeant les services publics \u00e0 r\u00e9duire les postes et fermer les services, au d\u00e9triment de l\u2019accessibilit\u00e9 aux services publics pour la population (services d\u2019urgence, service psychiatriques, \u2026). Aujourd\u2018hui plus qu\u2019hier, c\u2019est d\u00e9sormais la stagnation des salaires &hellip; <\/p><p><a class=\"more-link btn\" href=\"https:\/\/xn--gdfosant33-i7a.fr\/index.php\/2024\/03\/08\/greve-du-19-mars-2024\/\">Lire la suite<\/a><\/div><\/li>\n<li><div class=\"wp-block-latest-posts__featured-image alignright\"><img loading=\"lazy\" decoding=\"async\" width=\"150\" height=\"55\" src=\"https:\/\/xn--gdfosant33-i7a.fr\/wp-content\/uploads\/2023\/11\/FO-long-1-150x55.png\" class=\"attachment-thumbnail size-thumbnail wp-post-image\" alt=\"\" style=\"\" \/><\/div><a class=\"wp-block-latest-posts__post-title\" href=\"https:\/\/xn--gdfosant33-i7a.fr\/index.php\/2024\/02\/14\/pas-de-remuneration-au-merite\/\">Pas de r\u00e9mun\u00e9ration au m\u00e9rite !<\/a><div class=\"wp-block-latest-posts__post-excerpt\">Stanislas Gu\u00e9rini a re\u00e7u FO Fonction Publique, suite \u00e0 sa nomination en tant que ministre de la Transformation et de la Fonction Publique. La revalorisation du point d&rsquo;indice en 2024 est une revendication que Force Ouvri\u00e8re ne l\u00e2chera pas.En effet, elle doit permettre de compenser l&rsquo;inflation qui vous fait perdre du pouvoir d&rsquo;achat(pour rappel, indice &hellip; <\/p><p><a class=\"more-link btn\" href=\"https:\/\/xn--gdfosant33-i7a.fr\/index.php\/2024\/02\/14\/pas-de-remuneration-au-merite\/\">Lire la suite<\/a><\/div><\/li>\n<li><div class=\"wp-block-latest-posts__featured-image alignright\"><img loading=\"lazy\" decoding=\"async\" width=\"150\" height=\"55\" src=\"https:\/\/xn--gdfosant33-i7a.fr\/wp-content\/uploads\/2023\/11\/FO-long-1-150x55.png\" class=\"attachment-thumbnail size-thumbnail wp-post-image\" alt=\"\" style=\"\" \/><\/div><a class=\"wp-block-latest-posts__post-title\" href=\"https:\/\/xn--gdfosant33-i7a.fr\/index.php\/2023\/11\/25\/prime-de-pouvoir-dachat\/\">Prime de pouvoir d&rsquo;achat<\/a><div class=\"wp-block-latest-posts__post-excerpt\">Aspect technique de la Prime Qui est concern\u00e9 ? :Tous les Agents publics Hospitaliers nomm\u00e9s ou recrut\u00e9s avant le 1er janvier 2023 et toujours r\u00e9mun\u00e9r\u00e9s par un employeur public au 30 juin 2023. Combien :Le montant de la prime per\u00e7ue est de 800\u20ac maximum MAIS est r\u00e9duit \u00e0 proportion de la quotit\u00e9 de temps de &hellip; <\/p><p><a class=\"more-link btn\" href=\"https:\/\/xn--gdfosant33-i7a.fr\/index.php\/2023\/11\/25\/prime-de-pouvoir-dachat\/\">Lire la suite<\/a><\/div><\/li>\n<li><div class=\"wp-block-latest-posts__featured-image alignright\"><img loading=\"lazy\" decoding=\"async\" width=\"150\" height=\"55\" src=\"https:\/\/xn--gdfosant33-i7a.fr\/wp-content\/uploads\/2024\/02\/iconeFO-long-1-150x55.png\" class=\"attachment-thumbnail size-thumbnail wp-post-image\" alt=\"\" style=\"\" \/><\/div><a class=\"wp-block-latest-posts__post-title\" href=\"https:\/\/xn--gdfosant33-i7a.fr\/index.php\/2022\/03\/31\/manifestation-du-30-mars-2022-au-ch-sud-gironde\/\">Manifestation du 30 mars 2022 au CH Sud Gironde<\/a><div class=\"wp-block-latest-posts__post-excerpt\">Dans le cadre de la d\u00e9fense des services de bionettoyage du CH Sud Gironde, le GD Sant\u00e9 33 a soutenu cet appel \u00e0 manifester aupr\u00e8s de tous les syndicats du d\u00e9partement.Il a \u00e9t\u00e9 d\u00e9cid\u00e9 par la direction de cet \u00e9tablissement de proc\u00e9der \u00e0 l&rsquo;externalisation de ce service au b\u00e9n\u00e9fice d&rsquo;une entreprise priv\u00e9e alors m\u00eame que &hellip; <\/p><p><a class=\"more-link btn\" href=\"https:\/\/xn--gdfosant33-i7a.fr\/index.php\/2022\/03\/31\/manifestation-du-30-mars-2022-au-ch-sud-gironde\/\">Lire la suite<\/a><\/div><\/li>\n<li><div class=\"wp-block-latest-posts__featured-image alignright\"><img loading=\"lazy\" decoding=\"async\" width=\"150\" height=\"150\" src=\"https:\/\/xn--gdfosant33-i7a.fr\/wp-content\/uploads\/2022\/01\/WhatsApp-Image-2022-01-18-at-12.32.30-150x150.jpeg\" class=\"attachment-thumbnail size-thumbnail wp-post-image\" alt=\"\" style=\"\" srcset=\"https:\/\/xn--gdfosant33-i7a.fr\/wp-content\/uploads\/2022\/01\/WhatsApp-Image-2022-01-18-at-12.32.30-150x150.jpeg 150w, https:\/\/xn--gdfosant33-i7a.fr\/wp-content\/uploads\/2022\/01\/WhatsApp-Image-2022-01-18-at-12.32.30-144x144.jpeg 144w\" sizes=\"(max-width: 150px) 100vw, 150px\" \/><\/div><a class=\"wp-block-latest-posts__post-title\" href=\"https:\/\/xn--gdfosant33-i7a.fr\/index.php\/2022\/01\/18\/manifestation-du-18-janvier-2022-au-cdef\/\">Manifestation du 18 janvier 2022 au CDEF<\/a><div class=\"wp-block-latest-posts__post-excerpt\">Au Centre D\u00e9partemental de l&rsquo;enfance et de la famille (CDEF) d&rsquo;Eysines, les agents ont rejoint Force Ouvri\u00e8re pour d\u00e9noncer la rupture des engagements du gouvernement d&rsquo;\u00e9tendre les mesures du S\u00e9gur de la Sant\u00e9 aux personnels du milieu Social et M\u00e9dico-social. La demande des personnels est de b\u00e9n\u00e9ficier eux aussi du compl\u00e9ment de traitement indiciaire de &hellip; <\/p><p><a class=\"more-link btn\" href=\"https:\/\/xn--gdfosant33-i7a.fr\/index.php\/2022\/01\/18\/manifestation-du-18-janvier-2022-au-cdef\/\">Lire la suite<\/a><\/div><\/li>\n<li><div class=\"wp-block-latest-posts__featured-image alignright\"><img loading=\"lazy\" decoding=\"async\" width=\"150\" height=\"55\" src=\"https:\/\/xn--gdfosant33-i7a.fr\/wp-content\/uploads\/2023\/11\/FO-long-1-150x55.png\" class=\"attachment-thumbnail size-thumbnail wp-post-image\" alt=\"\" style=\"\" \/><\/div><a class=\"wp-block-latest-posts__post-title\" href=\"https:\/\/xn--gdfosant33-i7a.fr\/index.php\/2022\/01\/11\/greve-le-18-janvier-2022\/\">Gr\u00e8ve le 18 janvier 2022<\/a><div class=\"wp-block-latest-posts__post-excerpt\">Ce pr\u00e9avis de gr\u00e8ve couvrira l\u2019ensemble des initiatives de gr\u00e8ve et de mobilisation de nos syndicats des \u00e9tablissements sociaux et m\u00e9dico-sociaux de la FPH&nbsp; sur l\u2019ensemble du territoire national (de m\u00e9tropole et des d\u00e9partements d\u2019Outre-Mer), sur les revendications des personnels qui exigent : \u2022 Le respect de l\u2019engagement pris par le Premier Ministre d\u2019organiser une &hellip; <\/p><p><a class=\"more-link btn\" href=\"https:\/\/xn--gdfosant33-i7a.fr\/index.php\/2022\/01\/11\/greve-le-18-janvier-2022\/\">Lire la suite<\/a><\/div><\/li>\n<li><div class=\"wp-block-latest-posts__featured-image alignright\"><img loading=\"lazy\" decoding=\"async\" width=\"150\" height=\"150\" src=\"https:\/\/xn--gdfosant33-i7a.fr\/wp-content\/uploads\/2021\/10\/Greve-Ambulanciers-1-1-150x150.jpg\" class=\"attachment-thumbnail size-thumbnail wp-post-image\" alt=\"\" style=\"\" srcset=\"https:\/\/xn--gdfosant33-i7a.fr\/wp-content\/uploads\/2021\/10\/Greve-Ambulanciers-1-1-150x150.jpg 150w, https:\/\/xn--gdfosant33-i7a.fr\/wp-content\/uploads\/2021\/10\/Greve-Ambulanciers-1-1-144x144.jpg 144w\" sizes=\"(max-width: 150px) 100vw, 150px\" \/><\/div><a class=\"wp-block-latest-posts__post-title\" href=\"https:\/\/xn--gdfosant33-i7a.fr\/index.php\/2021\/10\/14\/greve-des-ambulanciers-le-30-novembre-2021\/\">Gr\u00e8ve des ambulanciers le 30 novembre 2021<\/a><div class=\"wp-block-latest-posts__post-excerpt\">Ce matin devant l&rsquo;ARS Nouvelle Aquitaine nous \u00e9tions environ 60 venus des \u00e9tablissements Girondins \u00e0 l&rsquo;unique appel de FO (la majeure partie des effectifs d&rsquo;ambulanciers&nbsp;hospitaliers de Gironde).&nbsp;Merci \u00e0 tous les syndicats qui ont contribu\u00e9 \u00e0 la r\u00e9ussite de cette action nationale organis\u00e9e par le GD 33.Vous pourrez apercevoir sur les photos jointes qu&rsquo;un journaliste a &hellip; <\/p><p><a class=\"more-link btn\" href=\"https:\/\/xn--gdfosant33-i7a.fr\/index.php\/2021\/10\/14\/greve-des-ambulanciers-le-30-novembre-2021\/\">Lire la suite<\/a><\/div><\/li>\n<li><div class=\"wp-block-latest-posts__featured-image alignright\"><img loading=\"lazy\" decoding=\"async\" width=\"150\" height=\"150\" src=\"https:\/\/xn--gdfosant33-i7a.fr\/wp-content\/uploads\/2021\/09\/fo-site2-150x150.png\" class=\"attachment-thumbnail size-thumbnail wp-post-image\" alt=\"\" style=\"\" \/><\/div><a class=\"wp-block-latest-posts__post-title\" href=\"https:\/\/xn--gdfosant33-i7a.fr\/index.php\/2021\/09\/30\/greve-interprofessionnelle-du-5-octobre-2021\/\">Gr\u00e8ve interprofessionnelle du 5 octobre 2021<\/a><div class=\"wp-block-latest-posts__post-excerpt\"><\/div><\/li>\n<li><div class=\"wp-block-latest-posts__featured-image alignright\"><img loading=\"lazy\" decoding=\"async\" width=\"150\" height=\"150\" src=\"https:\/\/xn--gdfosant33-i7a.fr\/wp-content\/uploads\/2021\/09\/icone-fo-150x150.png\" class=\"attachment-thumbnail size-thumbnail wp-post-image\" alt=\"\" style=\"\" srcset=\"https:\/\/xn--gdfosant33-i7a.fr\/wp-content\/uploads\/2021\/09\/icone-fo-150x150.png 150w, https:\/\/xn--gdfosant33-i7a.fr\/wp-content\/uploads\/2021\/09\/icone-fo-300x300.png 300w, https:\/\/xn--gdfosant33-i7a.fr\/wp-content\/uploads\/2021\/09\/icone-fo.png 600w\" sizes=\"(max-width: 150px) 100vw, 150px\" \/><\/div><a class=\"wp-block-latest-posts__post-title\" href=\"https:\/\/xn--gdfosant33-i7a.fr\/index.php\/2021\/09\/09\/bonjour-tout-le-monde-2\/\">Retour de l&rsquo;audience avec la D\u00e9put\u00e9e HAMMERER<\/a><div class=\"wp-block-latest-posts__post-excerpt\">Avant tout nous souhaiterions avoir des retours sur l&rsquo;\u00e9tat&nbsp;d&rsquo;avancement de la loi autonomie. Nous avons appris avec beaucoup de d\u00e9ception qu&rsquo;en fin&nbsp;d&rsquo;ann\u00e9e derni\u00e8re cette loi a \u00e9t\u00e9 repouss\u00e9e en raison de son co\u00fbt, il semblerait que ce soit&nbsp;de nouveau&nbsp;le cas cet \u00e9t\u00e9.Comme nous l&rsquo;avions d\u00e9j\u00e0 \u00e9voqu\u00e9 aupr\u00e8s de Mme FABRE, nous demeurons tr\u00e8s pr\u00e9occup\u00e9s par &hellip; <\/p><p><a class=\"more-link btn\" href=\"https:\/\/xn--gdfosant33-i7a.fr\/index.php\/2021\/09\/09\/bonjour-tout-le-monde-2\/\">Lire la suite<\/a><\/div><\/li>\n<li><a class=\"wp-block-latest-posts__post-title\" href=\"https:\/\/xn--gdfosant33-i7a.fr\/index.php\/2020\/12\/11\/8-decembre-2020-extension-du-cti-au-secteur-social-et-medico-social-retour-sur-la-mobilisation\/\">8 d\u00e9cembre 2020 : Extension du CTI au secteur social et m\u00e9dico social, retour sur la mobilisation<\/a><div class=\"wp-block-latest-posts__post-excerpt\"><\/div><\/li>\n<li><a class=\"wp-block-latest-posts__post-title\" href=\"https:\/\/xn--gdfosant33-i7a.fr\/index.php\/2020\/12\/02\/etablissements-medico-sociaux-le-8-decembre-tous-solidaires\/\">(pas de titre)<\/a><div class=\"wp-block-latest-posts__post-excerpt\">Etablissements m\u00e9dico-sociaux : Le 8 d\u00e9cembre, tous solidaires !<\/div><\/li>\n<li><a class=\"wp-block-latest-posts__post-title\" href=\"https:\/\/xn--gdfosant33-i7a.fr\/index.php\/2020\/09\/24\/segur-etablissements-medico-sociaux-une-situation-inacceptable\/\">S\u00e9gur : Etablissements m\u00e9dico-sociaux, une situation inacceptable !<\/a><div class=\"wp-block-latest-posts__post-excerpt\">Le groupement d\u00e9partemental Force Ouvri\u00e8re Sant\u00e9 Gironde a point\u00e9 du doigt la situation injuste des personnels des \u00e9tablissements m\u00e9dico sociaux (hors EHPAD) qui ne disposeront pas de la bonification indiciaire n\u00e9goci\u00e9e lors du S\u00e9gur de la sant\u00e9.&nbsp;Un courrier que vous trouverez ci-joint a \u00e9t\u00e9 envoy\u00e9 aux d\u00e9put\u00e9s girondins afin de les alerter.<\/div><\/li>\n<li><div class=\"wp-block-latest-posts__featured-image alignright\"><img loading=\"lazy\" decoding=\"async\" width=\"150\" height=\"150\" src=\"https:\/\/xn--gdfosant33-i7a.fr\/wp-content\/uploads\/2020\/09\/telechargement-1-150x150.jpg\" class=\"attachment-thumbnail size-thumbnail wp-post-image\" alt=\"\" style=\"\" srcset=\"https:\/\/xn--gdfosant33-i7a.fr\/wp-content\/uploads\/2020\/09\/telechargement-1-150x150.jpg 150w, https:\/\/xn--gdfosant33-i7a.fr\/wp-content\/uploads\/2020\/09\/telechargement-1-300x300.jpg 300w, https:\/\/xn--gdfosant33-i7a.fr\/wp-content\/uploads\/2020\/09\/telechargement-1.jpg 474w\" sizes=\"(max-width: 150px) 100vw, 150px\" \/><\/div><a class=\"wp-block-latest-posts__post-title\" href=\"https:\/\/xn--gdfosant33-i7a.fr\/index.php\/2020\/09\/09\/segur-de-la-sante-le-protocole-daccord\/\">S\u00e9gur de la Sant\u00e9 : le protocole d&rsquo;accord<\/a><div class=\"wp-block-latest-posts__post-excerpt\">Vous pourrez trouver ci-joint le protocole d&rsquo;accord sign\u00e9 par votre syndicat Force Ouvri\u00e8re le 9 juillet 2020 ainsi que l&rsquo;avenant sign\u00e9 le 1er septembre. Un geste fort \u00e0 l&rsquo;\u00e9gard des personnels de la Fonction Publique Hospitali\u00e8re qui ne signe pas un arr\u00eat des revendications mais \u00e0 la fois une avanc\u00e9e que personne ne peut contester &hellip; <\/p><p><a class=\"more-link btn\" href=\"https:\/\/xn--gdfosant33-i7a.fr\/index.php\/2020\/09\/09\/segur-de-la-sante-le-protocole-daccord\/\">Lire la suite<\/a><\/div><\/li>\n<li><div class=\"wp-block-latest-posts__featured-image alignright\"><img loading=\"lazy\" decoding=\"async\" width=\"150\" height=\"150\" src=\"https:\/\/xn--gdfosant33-i7a.fr\/wp-content\/uploads\/2020\/06\/10-150x150.jpg\" class=\"attachment-thumbnail size-thumbnail wp-post-image\" alt=\"\" style=\"\" \/><\/div><a class=\"wp-block-latest-posts__post-title\" href=\"https:\/\/xn--gdfosant33-i7a.fr\/index.php\/2020\/06\/18\/mobilisation-du-16-juin-2020-defi-releve\/\">Mobilisation du 16 juin 2020 : D\u00e9fi relev\u00e9 !<\/a><div class=\"wp-block-latest-posts__post-excerpt\">La manifestation organis\u00e9e \u00e0 Bordeaux le 16 juin 2020 a \u00e9t\u00e9 un succ\u00e8s avec plus de 8000 personnes qui ont d\u00e9fil\u00e9, ce qui, \u00e0 ma connaissance, est du jamais vu pour le secteur de la sant\u00e9 en Gironde. FO \u00e9tait en t\u00eate et de nombreux syndicats du GD FO Sant\u00e9 33, secteurs public et priv\u00e9, &hellip; <\/p><p><a class=\"more-link btn\" href=\"https:\/\/xn--gdfosant33-i7a.fr\/index.php\/2020\/06\/18\/mobilisation-du-16-juin-2020-defi-releve\/\">Lire la suite<\/a><\/div><\/li>\n<li><a class=\"wp-block-latest-posts__post-title\" href=\"https:\/\/xn--gdfosant33-i7a.fr\/index.php\/2020\/06\/08\/manifestation-a-bordeaux-mardi-16-juin-2020\/\">Manifestation \u00e0 Bordeaux, mardi 16 Juin 2020<\/a><div class=\"wp-block-latest-posts__post-excerpt\">Assez de mots, le personnel hospitalier n&rsquo;a que faire des effets d&rsquo;annonce du gouvernement. Le Pr\u00e9sident de la R\u00e9publique a annonc\u00e9 une revalorisation salariale de l&rsquo;ensemble des personnels hospitaliers, il est temps de tirer les enseignements de cette crise et de donner aux soignants ce qu&rsquo;ils r\u00e9clament depuis des ann\u00e9es !<\/div><\/li>\n<li><a class=\"wp-block-latest-posts__post-title\" href=\"https:\/\/xn--gdfosant33-i7a.fr\/index.php\/2020\/04\/30\/covid19-moyens-de-protection\/\">COVID19 : Moyens de protection<\/a><div class=\"wp-block-latest-posts__post-excerpt\">Le groupement D\u00e9partemental FO Sant\u00e9 Gironde ne reste pas inactif pendant cette p\u00e9riode. Les locaux sont inacessibles au Public mais vous pouvez tout de m\u00eame le contacter via le formulaire de contact que vous trouverez sur le site. Vous trouverez ci-dessous les principales actions entreprises durant cette p\u00e9riode. Le Groupement D\u00e9partemental Sant\u00e9 a r\u00e9dig\u00e9, conjointement &hellip; <\/p><p><a class=\"more-link btn\" href=\"https:\/\/xn--gdfosant33-i7a.fr\/index.php\/2020\/04\/30\/covid19-moyens-de-protection\/\">Lire la suite<\/a><\/div><\/li>\n<li><div class=\"wp-block-latest-posts__featured-image alignright\"><img loading=\"lazy\" decoding=\"async\" width=\"150\" height=\"150\" src=\"https:\/\/xn--gdfosant33-i7a.fr\/wp-content\/uploads\/2020\/02\/logo-fosps-150x150.jpg\" class=\"attachment-thumbnail size-thumbnail wp-post-image\" alt=\"\" style=\"\" \/><\/div><a class=\"wp-block-latest-posts__post-title\" href=\"https:\/\/xn--gdfosant33-i7a.fr\/index.php\/2020\/02\/12\/jeudi-14-fevrier-manifestons-a-bordeaux\/\">Jeudi 14 f\u00e9vrier : Manifestons \u00e0 Bordeaux !<\/a><div class=\"wp-block-latest-posts__post-excerpt\">https:\/\/www.force-ouvriere.fr\/retraites-appel-a-se-mobiliser-massivement-le-14-fevrier-2020 Une fois de plus, le groupement d\u00e9partemental se mobilise pour manifester en intersyndicale contre la destruction de l&rsquo;H\u00f4pital ce vendredi 14 f\u00e9vrier, rdv Place de la Victoire \u00e0 14h en tenue ! Le rendez-vous est d\u00e9j\u00e0 pris pour le 20 f\u00e9vrier ! Nous ne l\u00e2chons rien, contrairement \u00e0 ce qui se dit dans les &hellip; <\/p><p><a class=\"more-link btn\" href=\"https:\/\/xn--gdfosant33-i7a.fr\/index.php\/2020\/02\/12\/jeudi-14-fevrier-manifestons-a-bordeaux\/\">Lire la suite<\/a><\/div><\/li>\n<\/ul><\/div>\n<\/div>\n\n\n<ul class=\"wp-block-categories-list wp-block-categories\">\t<li class=\"cat-item cat-item-5\"><a href=\"https:\/\/xn--gdfosant33-i7a.fr\/index.php\/category\/contenu-externe\/\">Contenu externe<\/a>\n<\/li>\n\t<li class=\"cat-item cat-item-32\"><a href=\"https:\/\/xn--gdfosant33-i7a.fr\/index.php\/category\/ehpad\/\">EHPAD<\/a>\n<\/li>\n\t<li class=\"cat-item cat-item-14\"><a href=\"https:\/\/xn--gdfosant33-i7a.fr\/index.php\/category\/elections-professionnelles\/\">Elections professionnelles<\/a>\n<\/li>\n\t<li class=\"cat-item cat-item-27\"><a href=\"https:\/\/xn--gdfosant33-i7a.fr\/index.php\/category\/greve\/\">Gr\u00e8ve<\/a>\n<\/li>\n\t<li class=\"cat-item cat-item-1\"><a href=\"https:\/\/xn--gdfosant33-i7a.fr\/index.php\/category\/non-classe\/\">Non class\u00e9<\/a>\n<\/li>\n\t<li class=\"cat-item cat-item-30\"><a href=\"https:\/\/xn--gdfosant33-i7a.fr\/index.php\/category\/revue-de-presse\/\">revue de presse<\/a>\n<\/li>\n\t<li class=\"cat-item cat-item-7\"><a href=\"https:\/\/xn--gdfosant33-i7a.fr\/index.php\/category\/sante-privee\/\">Sant\u00e9 priv\u00e9e<\/a>\n<\/li>\n\t<li class=\"cat-item cat-item-6\"><a href=\"https:\/\/xn--gdfosant33-i7a.fr\/index.php\/category\/sante-publique\/\">Sant\u00e9 publique<\/a>\n<\/li>\n\t<li class=\"cat-item cat-item-37\"><a href=\"https:\/\/xn--gdfosant33-i7a.fr\/index.php\/category\/segur\/\">Segur<\/a>\n<\/li>\n\t<li class=\"cat-item cat-item-8\"><a href=\"https:\/\/xn--gdfosant33-i7a.fr\/index.php\/category\/vie-syndicale\/\">Vie Syndicale<\/a>\n<\/li>\n<\/ul>","protected":false},"excerpt":{"rendered":"","protected":false},"author":1,"featured_media":1133,"parent":0,"menu_order":0,"comment_status":"closed","ping_status":"closed","template":"templates\/template-full-width.php","meta":{"ngg_post_thumbnail":0,"footnotes":""},"_links":{"self":[{"href":"https:\/\/xn--gdfosant33-i7a.fr\/index.php\/wp-json\/wp\/v2\/pages\/9"}],"collection":[{"href":"https:\/\/xn--gdfosant33-i7a.fr\/index.php\/wp-json\/wp\/v2\/pages"}],"about":[{"href":"https:\/\/xn--gdfosant33-i7a.fr\/index.php\/wp-json\/wp\/v2\/types\/page"}],"author":[{"embeddable":true,"href":"https:\/\/xn--gdfosant33-i7a.fr\/index.php\/wp-json\/wp\/v2\/users\/1"}],"replies":[{"embeddable":true,"href":"https:\/\/xn--gdfosant33-i7a.fr\/index.php\/wp-json\/wp\/v2\/comments?post=9"}],"version-history":[{"count":7,"href":"https:\/\/xn--gdfosant33-i7a.fr\/index.php\/wp-json\/wp\/v2\/pages\/9\/revisions"}],"predecessor-version":[{"id":1348,"href":"https:\/\/xn--gdfosant33-i7a.fr\/index.php\/wp-json\/wp\/v2\/pages\/9\/revisions\/1348"}],"wp:featuredmedia":[{"embeddable":true,"href":"https:\/\/xn--gdfosant33-i7a.fr\/index.php\/wp-json\/wp\/v2\/media\/1133"}],"wp:attachment":[{"href":"https:\/\/xn--gdfosant33-i7a.fr\/index.php\/wp-json\/wp\/v2\/media?parent=9"}],"curies":[{"name":"wp","href":"https:\/\/api.w.org\/{rel}","templated":true}]}}